{"id":8,"date":"2013-04-14T11:11:16","date_gmt":"2013-04-14T11:11:16","guid":{"rendered":"http:\/\/salernocentro.it.data20.websupport.sk\/?page_id=8"},"modified":"2025-03-25T09:35:52","modified_gmt":"2025-03-25T09:35:52","slug":"bed-and-breakfast-gallery","status":"publish","type":"page","link":"https:\/\/www.salernocentro.it\/it\/bed-and-breakfast-gallery\/","title":{"rendered":"Bed &#038; Breakfast, Foto, Terrazzo"},"content":{"rendered":"<p><\/p>\n<h1 style=\"text-align: left;\">Bed &amp; Breakfast Gallery Terrazzo<\/h1>\n<div>\n<p><img loading=\"lazy\" decoding=\"async\" src=\"https:\/\/www.salernocentro.it\/wp-content\/uploads\/2013\/04\/ingresso.jpg\" alt=\"B&amp;B Salerno Centro\" width=\"652\" height=\"208\" \/><\/p>\n<p><img loading=\"lazy\" decoding=\"async\" class=\"size-thumbnail wp-image-549 alignright\" src=\"https:\/\/www.salernocentro.it\/wp-content\/uploads\/2013\/04\/please-scroll-down-100x100.jpg\" alt=\"please-scroll-down\" width=\"100\" height=\"100\" \/><\/p>\n<p><b>Il B&amp;B \u201cSalerno Centro\u201d<\/b>, <strong>vicino alla stazione ferroviaria di Salerno,\u00a0<\/strong>offre <b>connessione wi-fi gratuita<\/b>, una ricca colazione, pulizia e relax nel cuore della citt\u00e0 per trascorrere al meglio le tue vacanze e i tuoi brevi soggiorni lavorativi a <strong>Salerno<\/strong>.<\/p>\n<p>Il <b>Bed and Breakfast \u201cSalerno Centro\u201d,<\/b> nato per rendere il Vostro soggiorno indimenticabile, assicura la massima cura di ogni singolo soggiorno al fine di rendere <strong>Salerno<\/strong> un&#8217;esperienza legata all\u2019immersione totale nella cultura locale.<\/p>\n<p>La scoperta della \u201cCitt\u00e0 Giardino\u201d, divenuta negli ultimi anni un\u2019importante destinazione crocieristica, anche per il meraviglioso territorio circostante, avverr\u00e0 secondo le indicazioni e i consigli di chi \u00e8 nato, vive e ama la propria citt\u00e0.<\/p>\n<p>La residenza <b>\u201cSalerno Centro\u201d \u00e8 ubicata nella piazza pi\u00f9 centrale di Salerno,<\/b><strong> all\u2019interno un edificio di grande prestigio storico-religioso, perch\u00e9 sede di un ex-convento di origine Cinquecentesca.<\/strong><\/p>\n<p>Piazza Sedile di Portanova, da sempre il centro di raccordo dei movimenti culturali, sociali e politici di <strong>Salerno<\/strong>, \u00e8 ora immersa in <b>una vasta area pedonale<\/b> che si snoda da un lato <b>sulla principale strada dello shopping Salernitano<\/b>, <strong>Corso Vittorio Emanuele<\/strong> e <strong>Via dei Mercanti<\/strong>, dall\u2019altra sull\u2019affascinante <b>lungomare che culmina sul lato occidentale <\/b>su <strong>&#8220;Piazza della Libert\u00e0<\/strong>&#8221; e il<strong>\u00a0&#8220;Crescent&#8221;<\/strong>.\u00a0Queste due ultime novit\u00e0 architettoniche, insieme <strong>alla nuova stazione marittima<\/strong>\u00a0costituiscono di fatto il nuovo fronte del mare del centro di Salerno che con il<strong> Crescent<\/strong> vuole metaforicamente &#8220;abbracciare&#8221; tutti coloro che scelgono di raggiungerLa dal mare.<\/p>\n<p>Nelle giornate di cielo sereno, raggiungendo il mare \u00e8 anche possibile scorgere, in lontananza, le forme sinuose della <strong>\u201cDivina Costiera\u201d<\/strong> raggiungibile velocemente attraverso i metr\u00f2 del mare durante la stagione primaverile, estiva e autunnale.\u00a0La stazione ferroviaria, i monumenti, le istituzioni amministrative, nonch\u00e9 i vari punti di partenza degli autobus e dei traghetti per <b>Amalfi, Positano, Vietri, Cetara, Maiori, Minori e Capri si trovano a pochi passi dal Bed and Breakfast.<\/b><\/p>\n<p>La dimora <strong>\u201cSalerno Centro\u201d<\/strong> offre camere accoglienti e vaste aree comuni in un contesto di atmosfera familiare che Vi far\u00e0 sentire come a casa. Tra i <b>servizi<\/b> a disposizione segnaliamo, la <strong>colazione<\/strong> servita al mattino secondo le preferenze dell\u2019ospite, la <b>connessione wi-fi gratuita e un ampio terrazzo arredato nel periodo estivo con ombrelloni, sedie e tavolini.<\/b><\/p>\n<p>La residenza<b> \u201cSalerno Centro\u201d si presta al soggiorno di giovani e meno giovani <\/b>conciliando il desiderio di visitare le bellezze artistiche della citt\u00e0 con la voglia di chi vuole immergersi nella <strong>Salerno<\/strong> by night.<\/p>\n<p>Quando il sole lascia il posto alle luci della notte, proprio a due passi dal <strong>B&amp;B<\/strong>, che ha per\u00f2 una <b>collocazione di assoluta tranquillit\u00e0 e silenziosit\u00e0<\/b>, scoprirete la movida salernitana.<\/p>\n<p>Una moltitudine di <b>ristoranti e pizzerie<\/b> soddisferanno i palati pi\u00f9 raffinati, mentre storiche locande vi introdurranno nell\u2019antica gastronomia locale circondate da antiche e caratteristiche botteghe artigiane. E cosa dire dei <b>locali notturni<\/b>, in un contesto di evoluzione verso standard innovativi e moderni, sarete accolti da musica, drink e ambienti di assoluta tendenza.<\/p>\n<p><a href=\"https:\/\/www.salernocentro.it\/wp-content\/uploads\/2013\/04\/2011-10-16-at-00-27-551.jpg\" target=\"_blank\" rel=\"noopener noreferrer\"><img loading=\"lazy\" decoding=\"async\" class=\"alignnone wp-image-462 size-thumbnail\" title=\"B&amp;B Salerno Centro, nell'edificio a sinistra\" src=\"https:\/\/www.salernocentro.it\/wp-content\/uploads\/2013\/04\/2011-10-16-at-00-27-551-100x100.jpg\" alt=\"Portanova\" width=\"100\" height=\"100\" \/><\/a> <a href=\"https:\/\/www.salernocentro.it\/wp-content\/uploads\/2013\/04\/2011-10-16-at-00-25-041.jpg\" target=\"_blank\" rel=\"noopener noreferrer\"><img loading=\"lazy\" decoding=\"async\" class=\"alignnone wp-image-342 size-thumbnail\" title=\"B&amp;B Salerno Centro, edificio del '500\" src=\"https:\/\/www.salernocentro.it\/wp-content\/uploads\/2013\/04\/2011-10-16-at-00-25-041-100x100.jpg\" alt=\"B&amp;B Salerno Centro ex-convent\" width=\"100\" height=\"100\" \/><\/a> <a href=\"https:\/\/www.salernocentro.it\/wp-content\/uploads\/2013\/04\/Schermata-2014-11-07-alle-16.31.39.png\" target=\"_blank\" rel=\"noopener noreferrer\"><img loading=\"lazy\" decoding=\"async\" class=\"alignnone wp-image-1160 size-thumbnail\" title=\"Bed and Breakfast Salerno Centro, edificio storico\" src=\"https:\/\/www.salernocentro.it\/wp-content\/uploads\/2013\/04\/Schermata-2014-11-07-alle-16.31.39-100x100.png\" alt=\"\" width=\"100\" height=\"100\" \/><\/a> <a href=\"https:\/\/www.salernocentro.it\/wp-content\/uploads\/2013\/04\/Schermata-2014-11-11-alle-10.51.22.png\" target=\"_blank\" rel=\"noopener noreferrer\"><img loading=\"lazy\" decoding=\"async\" class=\"alignnone wp-image-1178\" title=\"B&amp;B Salerno Centro, scale o ascensore\" src=\"https:\/\/www.salernocentro.it\/wp-content\/uploads\/2013\/04\/Schermata-2014-11-11-alle-10.51.22-100x100.png\" alt=\"Schermata 2014-11-11 alle 10.51.22\" width=\"100\" height=\"100\" \/><\/a> <a href=\"https:\/\/www.salernocentro.it\/wp-content\/uploads\/2013\/04\/Schermata-2014-11-09-alle-16.01.50.png\" target=\"_blank\" rel=\"noopener noreferrer\"><img loading=\"lazy\" decoding=\"async\" class=\"alignnone wp-image-1167 size-thumbnail\" title=\"B&amp;B Salerno Centro, reception\" src=\"https:\/\/www.salernocentro.it\/wp-content\/uploads\/2013\/04\/Schermata-2014-11-09-alle-16.01.50-100x100.png\" alt=\"\" width=\"100\" height=\"100\" \/><\/a> <a href=\"https:\/\/www.salernocentro.it\/wp-content\/uploads\/2013\/04\/Schermata-2014-11-09-alle-16.00.26.png\" target=\"_blank\" rel=\"noopener noreferrer\"><img loading=\"lazy\" decoding=\"async\" class=\"alignnone wp-image-1208 size-thumbnail\" title=\"B&amp;B Salerno Centro, reception (2)\" src=\"https:\/\/www.salernocentro.it\/wp-content\/uploads\/2013\/04\/Schermata-2014-11-09-alle-16.00.26-100x100.png\" alt=\"\" width=\"100\" height=\"100\" \/><\/a><\/p>\n<p><a href=\"https:\/\/www.salernocentro.it\/wp-content\/uploads\/2013\/04\/Schermata-2014-11-11-alle-10.56.09.png\" target=\"_blank\" rel=\"noopener noreferrer\"><img loading=\"lazy\" decoding=\"async\" class=\"alignnone wp-image-1313 size-thumbnail\" title=\"B&amp;B Salerno Centro, sala colazione\" src=\"https:\/\/www.salernocentro.it\/wp-content\/uploads\/2013\/04\/Schermata-2014-11-11-alle-10.56.09-100x100.png\" alt=\"\" width=\"100\" height=\"100\" \/><\/a> <a href=\"https:\/\/www.salernocentro.it\/wp-content\/uploads\/2013\/04\/Schermata-2014-11-11-alle-10.57.57.png\" target=\"_blank\" rel=\"noopener noreferrer\"><img loading=\"lazy\" decoding=\"async\" class=\"alignnone wp-image-1323 size-thumbnail\" title=\"B&amp;B Salerno Centro, terrazzo comune \" src=\"https:\/\/www.salernocentro.it\/wp-content\/uploads\/2013\/04\/Schermata-2014-11-11-alle-10.57.57-100x100.png\" alt=\"\" width=\"100\" height=\"100\" \/><\/a> <a href=\"https:\/\/www.salernocentro.it\/wp-content\/uploads\/2013\/04\/Schermata-2014-11-11-alle-11.00.15.png\" target=\"_blank\" rel=\"noopener noreferrer\"><img loading=\"lazy\" decoding=\"async\" class=\"alignnone wp-image-1336 size-thumbnail\" title=\"B&amp;B Salerno Centro, guestbook\" src=\"https:\/\/www.salernocentro.it\/wp-content\/uploads\/2013\/04\/Schermata-2014-11-11-alle-11.00.15-100x100.png\" alt=\"\" width=\"100\" height=\"100\" \/><\/a> <a href=\"https:\/\/www.salernocentro.it\/wp-content\/uploads\/2013\/04\/Schermata-2014-11-11-alle-10.58.06.png\" target=\"_blank\" rel=\"noopener noreferrer\"><img loading=\"lazy\" decoding=\"async\" class=\"alignnone wp-image-1324 size-thumbnail\" title=\"B&amp;B Salerno Centro, terrazzo comune (2)\" src=\"https:\/\/www.salernocentro.it\/wp-content\/uploads\/2013\/04\/Schermata-2014-11-11-alle-10.58.06-100x100.png\" alt=\"\" width=\"100\" height=\"100\" \/><\/a> <a href=\"https:\/\/www.salernocentro.it\/wp-content\/uploads\/2013\/04\/Schermata-2014-11-11-alle-11.04.06.png\" target=\"_blank\" rel=\"noopener noreferrer\"><img loading=\"lazy\" decoding=\"async\" class=\"alignnone wp-image-1210 size-thumbnail\" title=\"B&amp;B Salerno Centro, lume di cortesia \" src=\"https:\/\/www.salernocentro.it\/wp-content\/uploads\/2013\/04\/Schermata-2014-11-11-alle-11.04.06-100x100.png\" alt=\"\" width=\"100\" height=\"100\" \/><\/a> <a href=\"https:\/\/www.salernocentro.it\/wp-content\/uploads\/2013\/04\/Schermata-2014-11-11-alle-10.56.38.png\" target=\"_blank\" rel=\"noopener noreferrer\"><img loading=\"lazy\" decoding=\"async\" class=\"alignnone wp-image-1316 size-thumbnail\" title=\"B&amp;B Salerno Centro, scala in legno\" src=\"https:\/\/www.salernocentro.it\/wp-content\/uploads\/2013\/04\/Schermata-2014-11-11-alle-10.56.38-100x100.png\" alt=\"\" width=\"100\" height=\"100\" \/><\/a><\/p>\n<p><a href=\"https:\/\/www.salernocentro.it\/wp-content\/uploads\/2013\/04\/Schermata-2014-11-11-alle-10.55.57.png\" target=\"_blank\" rel=\"noopener noreferrer\"><img loading=\"lazy\" decoding=\"async\" class=\"alignnone wp-image-1312 size-thumbnail\" title=\"B&amp;B Salerno Centro, divano (2)\" src=\"https:\/\/www.salernocentro.it\/wp-content\/uploads\/2013\/04\/Schermata-2014-11-11-alle-10.55.57-100x100.png\" alt=\"\" width=\"100\" height=\"100\" \/><\/a> <a href=\"https:\/\/www.salernocentro.it\/wp-content\/uploads\/2013\/04\/Schermata-2014-11-11-alle-10.47.131.png\" target=\"_blank\" rel=\"noopener noreferrer\"><img loading=\"lazy\" decoding=\"async\" class=\"alignnone wp-image-1285 size-thumbnail\" title=\"B&amp;B Salerno Centro, gadget di Salerno\" src=\"https:\/\/www.salernocentro.it\/wp-content\/uploads\/2013\/04\/Schermata-2014-11-11-alle-10.47.131-100x100.png\" alt=\"\" width=\"100\" height=\"100\" \/><\/a> <a href=\"https:\/\/www.salernocentro.it\/wp-content\/uploads\/2013\/04\/Schermata-2014-11-11-alle-10.59.26.png\" target=\"_blank\" rel=\"noopener noreferrer\"><img loading=\"lazy\" decoding=\"async\" class=\"alignnone wp-image-1330 size-thumbnail\" title=\"B&amp;B Salerno Centro, fontana antica\" src=\"https:\/\/www.salernocentro.it\/wp-content\/uploads\/2013\/04\/Schermata-2014-11-11-alle-10.59.26-100x100.png\" alt=\"\" width=\"100\" height=\"100\" \/><\/a> <a href=\"https:\/\/www.salernocentro.it\/wp-content\/uploads\/2013\/04\/Schermata-2014-11-11-alle-10.57.11.png\" target=\"_blank\" rel=\"noopener noreferrer\"><img loading=\"lazy\" decoding=\"async\" class=\"alignnone wp-image-1319 size-thumbnail\" title=\"B&amp;B Salerno Centro, macchina da scrivere e da caff\u00e8\" src=\"https:\/\/www.salernocentro.it\/wp-content\/uploads\/2013\/04\/Schermata-2014-11-11-alle-10.57.11-100x100.png\" alt=\"\" width=\"100\" height=\"100\" \/><\/a> <a href=\"https:\/\/www.salernocentro.it\/wp-content\/uploads\/2013\/04\/Schermata-2014-11-11-alle-10.59.50.png\" target=\"_blank\" rel=\"noopener noreferrer\"><img loading=\"lazy\" decoding=\"async\" class=\"alignnone wp-image-1333 size-thumbnail\" title=\"B&amp;B Salerno Centro, fiori\" src=\"https:\/\/www.salernocentro.it\/wp-content\/uploads\/2013\/04\/Schermata-2014-11-11-alle-10.59.50-100x100.png\" alt=\"\" width=\"100\" height=\"100\" \/><\/a> <a href=\"https:\/\/www.salernocentro.it\/wp-content\/uploads\/2013\/04\/Schermata-2014-11-09-alle-16.02.55.png\" target=\"_blank\" rel=\"noopener noreferrer\"><img loading=\"lazy\" decoding=\"async\" class=\"alignnone wp-image-1168 size-thumbnail\" title=\"B&amp;B Salerno Centro, bacheca\" src=\"https:\/\/www.salernocentro.it\/wp-content\/uploads\/2013\/04\/Schermata-2014-11-09-alle-16.02.55-100x100.png\" alt=\"\" width=\"100\" height=\"100\" \/><\/a><\/p>\n<p><a href=\"https:\/\/www.salernocentro.it\/wp-content\/uploads\/2013\/04\/Schermata-2014-11-11-alle-10.57.231.png\" target=\"_blank\" rel=\"noopener noreferrer\"><img loading=\"lazy\" decoding=\"async\" class=\"alignnone wp-image-1320 size-thumbnail\" title=\"B&amp;B Salerno Centro, brochure\" src=\"https:\/\/www.salernocentro.it\/wp-content\/uploads\/2013\/04\/Schermata-2014-11-11-alle-10.57.231-100x100.png\" alt=\"\" width=\"100\" height=\"100\" \/><\/a> <a href=\"https:\/\/www.salernocentro.it\/wp-content\/uploads\/2013\/04\/Schermata-2014-11-11-alle-10.47.282.png\" target=\"_blank\" rel=\"noopener noreferrer\"><img loading=\"lazy\" decoding=\"async\" class=\"alignnone wp-image-1286 size-thumbnail\" title=\"B&amp;B Salerno Centro, brochure del B&amp;B\" src=\"https:\/\/www.salernocentro.it\/wp-content\/uploads\/2013\/04\/Schermata-2014-11-11-alle-10.47.282-100x100.png\" alt=\"\" width=\"100\" height=\"100\" \/><\/a> <a href=\"https:\/\/www.salernocentro.it\/wp-content\/uploads\/2013\/04\/Schermata-2014-11-11-alle-11.03.35.png\" target=\"_blank\" rel=\"noopener noreferrer\"><img loading=\"lazy\" decoding=\"async\" class=\"alignnone wp-image-1344 size-thumbnail\" title=\"B&amp;B Salerno Centro, arco\" src=\"https:\/\/www.salernocentro.it\/wp-content\/uploads\/2013\/04\/Schermata-2014-11-11-alle-11.03.35-100x100.png\" alt=\"\" width=\"100\" height=\"100\" \/><\/a> <a href=\"https:\/\/www.salernocentro.it\/wp-content\/uploads\/2013\/04\/Schermata-2014-11-11-alle-10.49.111.png\" target=\"_blank\" rel=\"noopener noreferrer\"><img loading=\"lazy\" decoding=\"async\" class=\"alignnone wp-image-1287 size-thumbnail\" title=\"B&amp;B Salerno Centro, porte in legno massello\" src=\"https:\/\/www.salernocentro.it\/wp-content\/uploads\/2013\/04\/Schermata-2014-11-11-alle-10.49.111-100x100.png\" alt=\"\" width=\"100\" height=\"100\" \/><\/a> <a href=\"https:\/\/www.salernocentro.it\/wp-content\/uploads\/2013\/04\/Schermata-2014-11-11-alle-11.04.13.png\" target=\"_blank\" rel=\"noopener noreferrer\"><img loading=\"lazy\" decoding=\"async\" class=\"alignnone wp-image-1209 size-thumbnail\" title=\"B&amp;B Salerno Centro, telefono antico\" src=\"https:\/\/www.salernocentro.it\/wp-content\/uploads\/2013\/04\/Schermata-2014-11-11-alle-11.04.13-100x100.png\" alt=\"\" width=\"100\" height=\"100\" \/><\/a>\u00a0<a href=\"https:\/\/www.salernocentro.it\/wp-content\/uploads\/2013\/04\/Schermata-2014-11-11-alle-10.59.58.png\" target=\"_blank\" rel=\"noopener noreferrer\"><img loading=\"lazy\" decoding=\"async\" class=\"alignnone wp-image-1334 size-thumbnail\" title=\"B&amp;B Salerno Centro, piante in terrazza\" src=\"https:\/\/www.salernocentro.it\/wp-content\/uploads\/2013\/04\/Schermata-2014-11-11-alle-10.59.58-100x100.png\" alt=\"\" width=\"100\" height=\"100\" \/><\/a><\/p>\n<p><a href=\"https:\/\/www.salernocentro.it\/wp-content\/uploads\/2013\/04\/Schermata-2014-11-11-alle-11.03.58.png\" target=\"_blank\" rel=\"noopener noreferrer\"><img loading=\"lazy\" decoding=\"async\" class=\"alignnone wp-image-1346 size-thumbnail\" title=\"B&amp;B Salerno Centro, arco (2)\" src=\"https:\/\/www.salernocentro.it\/wp-content\/uploads\/2013\/04\/Schermata-2014-11-11-alle-11.03.58-100x100.png\" alt=\"\" width=\"100\" height=\"100\" \/><\/a> <a href=\"https:\/\/www.salernocentro.it\/wp-content\/uploads\/2013\/04\/Schermata-2014-11-11-alle-10.59.43.png\" target=\"_blank\" rel=\"noopener noreferrer\"><img loading=\"lazy\" decoding=\"async\" class=\"alignnone wp-image-1332 size-thumbnail\" title=\"B&amp;B Salerno Centro, tavolo in terrazza\" src=\"https:\/\/www.salernocentro.it\/wp-content\/uploads\/2013\/04\/Schermata-2014-11-11-alle-10.59.43-100x100.png\" alt=\"\" width=\"100\" height=\"100\" \/><\/a> <a href=\"https:\/\/www.salernocentro.it\/wp-content\/uploads\/2013\/04\/IMG_9138-e1411753789371.jpeg\" target=\"_blank\" rel=\"noopener noreferrer\"><img loading=\"lazy\" decoding=\"async\" class=\"alignnone wp-image-1135 size-thumbnail\" title=\"Bed and Breakfast Salerno Centro, decoro in terrazza\" src=\"https:\/\/www.salernocentro.it\/wp-content\/uploads\/2013\/04\/IMG_9138-e1411753789371-100x100.jpeg\" alt=\"\" width=\"100\" height=\"100\" \/><\/a> <a href=\"https:\/\/www.salernocentro.it\/wp-content\/uploads\/2013\/04\/Schermata-2014-11-11-alle-10.59.35.png\" target=\"_blank\" rel=\"noopener noreferrer\"><img loading=\"lazy\" decoding=\"async\" class=\"alignnone wp-image-1331 size-thumbnail\" title=\"B&amp;B Salerno Centro, pianta di fiori\" src=\"https:\/\/www.salernocentro.it\/wp-content\/uploads\/2013\/04\/Schermata-2014-11-11-alle-10.59.35-100x100.png\" alt=\"Schermata 2014-11-11 alle 10.59.35\" width=\"100\" height=\"100\" \/><\/a> <a href=\"https:\/\/www.salernocentro.it\/wp-content\/uploads\/2013\/04\/Schermata-2014-11-11-alle-11.00.06.png\" target=\"_blank\" rel=\"noopener noreferrer\"><img loading=\"lazy\" decoding=\"async\" class=\"alignnone wp-image-1335 size-thumbnail\" title=\"B&amp;B Salerno Centro, terrazzo fiorito\" src=\"https:\/\/www.salernocentro.it\/wp-content\/uploads\/2013\/04\/Schermata-2014-11-11-alle-11.00.06-100x100.png\" alt=\"\" width=\"100\" height=\"100\" \/><\/a> <a href=\"https:\/\/www.salernocentro.it\/wp-content\/uploads\/2013\/04\/Schermata-2014-11-11-alle-10.59.00.png\" target=\"_blank\" rel=\"noopener noreferrer\"><img loading=\"lazy\" decoding=\"async\" class=\"alignnone wp-image-1327 size-thumbnail\" title=\"B&amp;B Salerno Centro, terrazzo Italiano (2)\" src=\"https:\/\/www.salernocentro.it\/wp-content\/uploads\/2013\/04\/Schermata-2014-11-11-alle-10.59.00-100x100.png\" alt=\"Schermata 2014-11-11 alle 10.59.00\" width=\"100\" height=\"100\" \/><\/a><\/p>\n<p><a href=\"https:\/\/www.salernocentro.it\/wp-content\/uploads\/2013\/04\/Schermata-2014-11-11-alle-10.56.19.png\" target=\"_blank\" rel=\"noopener noreferrer\"><img loading=\"lazy\" decoding=\"async\" class=\"alignnone wp-image-1314 size-thumbnail\" title=\"B&amp;B Salerno Centro, area comune\" src=\"https:\/\/www.salernocentro.it\/wp-content\/uploads\/2013\/04\/Schermata-2014-11-11-alle-10.56.19-100x100.png\" alt=\"Schermata 2014-11-11 alle 10.56.19\" width=\"100\" height=\"100\" \/><\/a> <a href=\"https:\/\/www.salernocentro.it\/wp-content\/uploads\/2013\/04\/Schermata-2014-11-11-alle-10.55.43.png\" target=\"_blank\" rel=\"noopener noreferrer\"><img loading=\"lazy\" decoding=\"async\" class=\"alignnone wp-image-1311 size-thumbnail\" title=\"B&amp;B Salerno Centro, area comune (2)\" src=\"https:\/\/www.salernocentro.it\/wp-content\/uploads\/2013\/04\/Schermata-2014-11-11-alle-10.55.43-100x100.png\" alt=\"Schermata 2014-11-11 alle 10.55.43\" width=\"100\" height=\"100\" \/><\/a> <a href=\"https:\/\/www.salernocentro.it\/wp-content\/uploads\/2013\/04\/Schermata-2014-11-11-alle-10.53.43.png\" target=\"_blank\" rel=\"noopener noreferrer\"><img loading=\"lazy\" decoding=\"async\" class=\"alignnone wp-image-1306 size-thumbnail\" title=\"B&amp;B Salerno Centro, verso il mare\" src=\"https:\/\/www.salernocentro.it\/wp-content\/uploads\/2013\/04\/Schermata-2014-11-11-alle-10.53.43-100x100.png\" alt=\"Schermata 2014-11-11 alle 10.53.43\" width=\"100\" height=\"100\" \/> <\/a><a href=\"https:\/\/www.salernocentro.it\/wp-content\/uploads\/2013\/04\/phoca_thumb_l_colazione2.jpg\" target=\"_blank\" rel=\"noopener noreferrer\"><img loading=\"lazy\" decoding=\"async\" class=\"alignnone wp-image-188 size-thumbnail\" title=\"B&amp;B Salerno Centro, complemento\" src=\"https:\/\/www.salernocentro.it\/wp-content\/uploads\/2013\/04\/phoca_thumb_l_colazione2-100x100.jpg\" alt=\"\" width=\"100\" height=\"100\" \/><\/a> <a href=\"https:\/\/www.salernocentro.it\/wp-content\/uploads\/2013\/04\/Schermata-2014-11-11-alle-10.52.241.png\" target=\"_blank\" rel=\"noopener noreferrer\"><img loading=\"lazy\" decoding=\"async\" class=\"alignnone wp-image-1300 size-thumbnail\" title=\"B&amp;B Salerno Centro, portone Cinqucentesco\" src=\"https:\/\/www.salernocentro.it\/wp-content\/uploads\/2013\/04\/Schermata-2014-11-11-alle-10.52.241-100x100.png\" alt=\"Schermata 2014-11-11 alle 10.52.24\" width=\"100\" height=\"100\" \/> <\/a><a href=\"https:\/\/www.salernocentro.it\/wp-content\/uploads\/2013\/04\/Schermata-2014-11-11-alle-10.52.13.png\" target=\"_blank\" rel=\"noopener noreferrer\"><img loading=\"lazy\" decoding=\"async\" class=\"alignnone wp-image-1299 size-thumbnail\" title=\"B&amp;B Salerno Centro, portone Cinquecentesco (2)\" src=\"https:\/\/www.salernocentro.it\/wp-content\/uploads\/2013\/04\/Schermata-2014-11-11-alle-10.52.13-100x100.png\" alt=\"\" width=\"100\" height=\"100\" \/><\/a><\/p>\n<p><a href=\"https:\/\/www.salernocentro.it\/wp-content\/uploads\/2013\/04\/Schermata-2014-11-11-alle-10.52.031.png\" target=\"_blank\" rel=\"noopener noreferrer\"><img loading=\"lazy\" decoding=\"async\" class=\"alignnone wp-image-1298 size-thumbnail\" title=\"B&amp;B Salerno Centro, in area pedonale\" src=\"https:\/\/www.salernocentro.it\/wp-content\/uploads\/2013\/04\/Schermata-2014-11-11-alle-10.52.031-100x100.png\" alt=\"\" width=\"100\" height=\"100\" \/><\/a> <a href=\"https:\/\/www.salernocentro.it\/wp-content\/uploads\/2013\/04\/Schermata-2014-11-11-alle-10.51.542.png\" target=\"_blank\" rel=\"noopener noreferrer\"><img loading=\"lazy\" decoding=\"async\" class=\"alignnone wp-image-1297 size-thumbnail\" title=\"B&amp;B Salerno Centro, in area pedonale (2)\" src=\"https:\/\/www.salernocentro.it\/wp-content\/uploads\/2013\/04\/Schermata-2014-11-11-alle-10.51.542-100x100.png\" alt=\"\" width=\"100\" height=\"100\" \/><\/a> <a href=\"https:\/\/www.salernocentro.it\/wp-content\/uploads\/2013\/04\/Schermata-2014-11-11-alle-10.51.342.png\" target=\"_blank\" rel=\"noopener noreferrer\"><img loading=\"lazy\" decoding=\"async\" class=\"alignnone wp-image-1296 size-thumbnail\" title=\"B&amp;B Salerno Centro, colonna Cinquecentesca\" src=\"https:\/\/www.salernocentro.it\/wp-content\/uploads\/2013\/04\/Schermata-2014-11-11-alle-10.51.342-100x100.png\" alt=\"\" width=\"100\" height=\"100\" \/><\/a> <a href=\"https:\/\/www.salernocentro.it\/wp-content\/uploads\/2013\/04\/Schermata-2014-11-11-alle-10.51.022.png\" target=\"_blank\" rel=\"noopener noreferrer\"><img loading=\"lazy\" decoding=\"async\" class=\"alignnone wp-image-1293 size-thumbnail\" title=\"B&amp;B Salerno Centro, dipinto della Madonna\" src=\"https:\/\/www.salernocentro.it\/wp-content\/uploads\/2013\/04\/Schermata-2014-11-11-alle-10.51.022-100x100.png\" alt=\"\" width=\"100\" height=\"100\" \/><\/a> <a href=\"https:\/\/www.salernocentro.it\/wp-content\/uploads\/2013\/04\/Schermata-2014-11-11-alle-10.50.531.png\" target=\"_blank\" rel=\"noopener noreferrer\"><img loading=\"lazy\" decoding=\"async\" class=\"alignnone wp-image-1292 size-thumbnail\" title=\"B&amp;B Salerno Centro, dipinto della Madonna (2)\" src=\"https:\/\/www.salernocentro.it\/wp-content\/uploads\/2013\/04\/Schermata-2014-11-11-alle-10.50.531-100x100.png\" alt=\"\" width=\"100\" height=\"100\" \/><\/a>\u00a0<a href=\"https:\/\/www.salernocentro.it\/wp-content\/uploads\/2013\/04\/2011-10-16-at-00-43-101.jpg\" target=\"_blank\" rel=\"noopener noreferrer\"><img loading=\"lazy\" decoding=\"async\" class=\"alignnone wp-image-1377 size-thumbnail\" title=\"B&amp;B Salerno Centro, Portanova, la porta di Salerno\" src=\"https:\/\/www.salernocentro.it\/wp-content\/uploads\/2013\/04\/2011-10-16-at-00-43-101-100x100.jpg\" alt=\"SONY DSC\" width=\"100\" height=\"100\" \/><\/a><\/p>\n<p><a href=\"https:\/\/www.salernocentro.it\/wp-content\/uploads\/2013\/04\/2011-10-16-at-01-08-14.jpg\" target=\"_blank\" rel=\"noopener noreferrer\"><img loading=\"lazy\" decoding=\"async\" class=\"alignnone wp-image-1381 size-thumbnail\" title=\"B&amp;B Salerno centro, arco in pietra\" src=\"https:\/\/www.salernocentro.it\/wp-content\/uploads\/2013\/04\/2011-10-16-at-01-08-14-100x100.jpg\" alt=\"\" width=\"100\" height=\"100\" \/><\/a> <a href=\"https:\/\/www.salernocentro.it\/wp-content\/uploads\/2013\/04\/phoca_thumb_l_5corridoio2.jpg\" target=\"_blank\" rel=\"noopener noreferrer\"><img loading=\"lazy\" decoding=\"async\" class=\"alignnone\" title=\"B&amp;B Salerno Centro, un angolo\" src=\"https:\/\/www.salernocentro.it\/wp-content\/uploads\/2013\/04\/phoca_thumb_l_5corridoio2-100x100.jpg\" alt=\"B&amp;B Salerno Centro, un angolo\" width=\"100\" height=\"100\" \/> <\/a><a href=\"https:\/\/www.salernocentro.it\/wp-content\/uploads\/2013\/04\/phoca_thumb_l_7salone2.jpg\" target=\"_blank\" rel=\"noopener noreferrer\"><img loading=\"lazy\" decoding=\"async\" class=\"alignnone\" title=\"B&amp;B Salerno Centro, sala colazione\" src=\"https:\/\/www.salernocentro.it\/wp-content\/uploads\/2013\/04\/phoca_thumb_l_7salone2-100x100.jpg\" alt=\"B&amp;B Salerno Centro, sala colazione\" width=\"100\" height=\"100\" \/><\/a><a href=\"https:\/\/www.salernocentro.it\/wp-content\/uploads\/2013\/04\/IMG_75312.jpeg\" target=\"_blank\" rel=\"noopener noreferrer\"><img loading=\"lazy\" decoding=\"async\" class=\"alignnone wp-image-1131 size-thumbnail\" title=\"Bed &amp; Breakfast Salerno Centro, terrazzo Positano\" src=\"https:\/\/www.salernocentro.it\/wp-content\/uploads\/2013\/04\/IMG_75312-100x100.jpeg\" alt=\"\" width=\"100\" height=\"100\" \/> <\/a><a href=\"https:\/\/www.salernocentro.it\/wp-content\/uploads\/2013\/04\/Schermata-2014-11-11-alle-10.52.35.png\" target=\"_blank\" rel=\"noopener noreferrer\"><img loading=\"lazy\" decoding=\"async\" class=\"alignnone wp-image-1206 size-thumbnail\" title=\"B&amp;B salerno Centro, portone storico\" src=\"https:\/\/www.salernocentro.it\/wp-content\/uploads\/2013\/04\/Schermata-2014-11-11-alle-10.52.35-100x100.png\" alt=\"Schermata 2014-11-11 alle 10.52.35\" width=\"100\" height=\"100\" \/> <\/a><a href=\"https:\/\/www.salernocentro.it\/wp-content\/uploads\/2013\/04\/DSC_0029a0060.jpg\" target=\"_blank\" rel=\"noopener noreferrer\"><img loading=\"lazy\" decoding=\"async\" class=\"alignnone wp-image-1372 size-thumbnail\" title=\"B&amp;B Salerno Centro, spioncino\" src=\"https:\/\/www.salernocentro.it\/wp-content\/uploads\/2013\/04\/DSC_0029a0060-100x100.jpg\" alt=\"DSC_0029a0060\" width=\"100\" height=\"100\" \/><\/a><\/p>\n<p><a href=\"https:\/\/www.salernocentro.it\/wp-content\/uploads\/2013\/04\/Schermata-2014-11-11-alle-10.52.452.png\" target=\"_blank\" rel=\"noopener noreferrer\"><img loading=\"lazy\" decoding=\"async\" class=\"alignnone wp-image-1302 size-thumbnail\" title=\"B&amp;B Salerno Centro, insegna\" src=\"https:\/\/www.salernocentro.it\/wp-content\/uploads\/2013\/04\/Schermata-2014-11-11-alle-10.52.452-100x100.png\" alt=\"Schermata 2014-11-11 alle 10.52.45\" width=\"100\" height=\"100\" \/> <\/a><a href=\"https:\/\/www.salernocentro.it\/wp-content\/uploads\/2020\/09\/DSC_0201-scaled.jpg\" target=\"_blank\" rel=\"noopener noreferrer\"><img loading=\"lazy\" decoding=\"async\" class=\"alignnone wp-image-3693 size-thumbnail\" title=\"B&amp;B Salerno Centro, al tramonto\" src=\"https:\/\/www.salernocentro.it\/wp-content\/uploads\/2020\/09\/DSC_0201-100x100.jpg\" alt=\"\" width=\"100\" height=\"100\" \/>\u00a0<\/a><a href=\"https:\/\/www.salernocentro.it\/wp-content\/uploads\/2020\/09\/DSC_0195-scaled.jpg\" target=\"_blank\" rel=\"noopener noreferrer\"><img loading=\"lazy\" decoding=\"async\" class=\"alignnone wp-image-3692 size-thumbnail\" title=\"B&amp;B Salerno Centro, al tramonto (2)\" src=\"https:\/\/www.salernocentro.it\/wp-content\/uploads\/2020\/09\/DSC_0195-100x100.jpg\" alt=\"\" width=\"100\" height=\"100\" \/><\/a><a href=\"https:\/\/www.salernocentro.it\/wp-content\/uploads\/2020\/09\/DSC_0193-scaled.jpg\" target=\"_blank\" rel=\"noopener noreferrer\"><img loading=\"lazy\" decoding=\"async\" class=\"alignnone wp-image-3691 size-thumbnail\" title=\"B&amp;B Salerno Centro, al tramonto (3)\" src=\"https:\/\/www.salernocentro.it\/wp-content\/uploads\/2020\/09\/DSC_0193-100x100.jpg\" alt=\"\" width=\"100\" height=\"100\" \/> <\/a><a href=\"https:\/\/www.salernocentro.it\/wp-content\/uploads\/2020\/09\/DSC_0192-scaled.jpg\" target=\"_blank\" rel=\"noopener noreferrer\"><img loading=\"lazy\" decoding=\"async\" class=\"alignnone wp-image-3690 size-thumbnail\" title=\"B&amp;B Salerno Centro, al tramonto (4)\" src=\"https:\/\/www.salernocentro.it\/wp-content\/uploads\/2020\/09\/DSC_0192-100x100.jpg\" alt=\"\" width=\"100\" height=\"100\" \/><\/a> <a href=\"https:\/\/www.salernocentro.it\/wp-content\/uploads\/2020\/09\/DSC_0186-scaled.jpg\" target=\"_blank\" rel=\"noopener noreferrer\"><img loading=\"lazy\" decoding=\"async\" class=\"alignnone wp-image-3689 size-thumbnail\" title=\"B&amp;B Salerno Centro, al tramonto (5)\" src=\"https:\/\/www.salernocentro.it\/wp-content\/uploads\/2020\/09\/DSC_0186-100x100.jpg\" alt=\"\" width=\"100\" height=\"100\" \/> <\/a><\/p>\n<p><a href=\"https:\/\/www.salernocentro.it\/wp-content\/uploads\/2020\/09\/DSC_8849-HDR.jpg\" target=\"_blank\" rel=\"noopener noreferrer\"><img loading=\"lazy\" decoding=\"async\" class=\"alignnone wp-image-3695 size-thumbnail\" title=\"B&amp;B Salerno Centro, sedie in legno \" src=\"https:\/\/www.salernocentro.it\/wp-content\/uploads\/2020\/09\/DSC_8849-HDR-100x100.jpg\" alt=\"\" width=\"100\" height=\"100\" \/>\u00a0<\/a><a href=\"https:\/\/www.salernocentro.it\/wp-content\/uploads\/2020\/09\/f39feb74-992c-41b1-a63b-be0c665f94a5.jpg\" target=\"_blank\" rel=\"noopener noreferrer\"><img loading=\"lazy\" decoding=\"async\" class=\"alignnone wp-image-3677 size-thumbnail\" title=\"B&amp;B Salerno Centro, beige chairs\" src=\"https:\/\/www.salernocentro.it\/wp-content\/uploads\/2020\/09\/f39feb74-992c-41b1-a63b-be0c665f94a5-100x100.jpg\" alt=\"\" width=\"100\" height=\"100\" \/>\u00a0<\/a><a href=\"https:\/\/www.salernocentro.it\/wp-content\/uploads\/2020\/09\/b7fa3e41-194a-404a-9840-09f862140ae1.jpg\" target=\"_blank\" rel=\"noopener noreferrer\"><img loading=\"lazy\" decoding=\"async\" class=\"alignnone wp-image-3675 size-thumbnail\" title=\"B&amp;B Salerno Centro, quadro di Salerno by night\" src=\"https:\/\/www.salernocentro.it\/wp-content\/uploads\/2020\/09\/b7fa3e41-194a-404a-9840-09f862140ae1-100x100.jpg\" alt=\"\" width=\"100\" height=\"100\" \/><\/a><a href=\"https:\/\/www.salernocentro.it\/wp-content\/uploads\/2020\/09\/a3b38582-d993-4953-8fbd-d3992019d716.jpg\" target=\"_blank\" rel=\"noopener noreferrer\"><img loading=\"lazy\" decoding=\"async\" class=\"alignnone wp-image-3674 size-thumbnail\" title=\"B&amp;B Salerno Centro, beige chairs (2)\" src=\"https:\/\/www.salernocentro.it\/wp-content\/uploads\/2020\/09\/a3b38582-d993-4953-8fbd-d3992019d716-100x100.jpg\" alt=\"\" width=\"100\" height=\"100\" \/> <\/a><a href=\"https:\/\/www.salernocentro.it\/wp-content\/uploads\/2020\/09\/1618efe0-8de6-4636-8917-d83703bdb065.jpg\" target=\"_blank\" rel=\"noopener noreferrer\"><img loading=\"lazy\" decoding=\"async\" class=\"alignnone wp-image-3671 size-thumbnail\" title=\"B&amp;B Salerno Centro, tra le sedie e il corridoio\" src=\"https:\/\/www.salernocentro.it\/wp-content\/uploads\/2020\/09\/1618efe0-8de6-4636-8917-d83703bdb065-100x100.jpg\" alt=\"\" width=\"100\" height=\"100\" \/><\/a><\/p>\n<p><iframe loading=\"lazy\" title=\"BED AND BREAKFAST SALERNO CENTRO, heading to the Amalfi Coast\" width=\"500\" height=\"375\" src=\"https:\/\/www.youtube.com\/embed\/6FKqweb35SY?feature=oembed\" frameborder=\"0\" allow=\"accelerometer; autoplay; clipboard-write; encrypted-media; gyroscope; picture-in-picture; web-share\" referrerpolicy=\"strict-origin-when-cross-origin\" allowfullscreen><\/iframe><\/p>\n<\/div>\n<p><iframe loading=\"lazy\" src=\"\/\/www.youtube.com\/embed\/yrRXV2CL5OA\" width=\"638\" height=\"425\"><\/iframe><\/p>","protected":false},"excerpt":{"rendered":"<p>Bed &amp; Breakfast Gallery Terrazzo Il B&amp;B \u201cSalerno Centro\u201d, vicino alla stazione ferroviaria di Salerno,\u00a0offre connessione wi-fi gratuita, una ricca colazione, pulizia e relax nel cuore della citt\u00e0 per trascorrere al meglio le tue vacanze e i tuoi brevi soggiorni lavorativi a Salerno. Il Bed and Breakfast \u201cSalerno Centro\u201d, nato per rendere il Vostro soggiorno [&hellip;]<\/p>\n","protected":false},"author":1,"featured_media":0,"parent":0,"menu_order":0,"comment_status":"open","ping_status":"open","template":"","meta":{"footnotes":""},"class_list":["post-8","page","type-page","status-publish","hentry"],"_links":{"self":[{"href":"https:\/\/www.salernocentro.it\/it\/wp-json\/wp\/v2\/pages\/8","targetHints":{"allow":["GET"]}}],"collection":[{"href":"https:\/\/www.salernocentro.it\/it\/wp-json\/wp\/v2\/pages"}],"about":[{"href":"https:\/\/www.salernocentro.it\/it\/wp-json\/wp\/v2\/types\/page"}],"author":[{"embeddable":true,"href":"https:\/\/www.salernocentro.it\/it\/wp-json\/wp\/v2\/users\/1"}],"replies":[{"embeddable":true,"href":"https:\/\/www.salernocentro.it\/it\/wp-json\/wp\/v2\/comments?post=8"}],"version-history":[{"count":94,"href":"https:\/\/www.salernocentro.it\/it\/wp-json\/wp\/v2\/pages\/8\/revisions"}],"predecessor-version":[{"id":4295,"href":"https:\/\/www.salernocentro.it\/it\/wp-json\/wp\/v2\/pages\/8\/revisions\/4295"}],"wp:attachment":[{"href":"https:\/\/www.salernocentro.it\/it\/wp-json\/wp\/v2\/media?parent=8"}],"curies":[{"name":"wp","href":"https:\/\/api.w.org\/{rel}","templated":true}]}}